{"id":444,"date":"2020-06-29T14:00:13","date_gmt":"2020-06-29T14:00:13","guid":{"rendered":"http:\/\/resilienz80337-nelestroebel.de\/?page_id=444"},"modified":"2020-07-07T05:46:46","modified_gmt":"2020-07-07T05:46:46","slug":"presse","status":"publish","type":"page","link":"http:\/\/resilienz80337-nelestroebel.de\/?page_id=444","title":{"rendered":"Presse"},"content":{"rendered":"\n\t<strong>BETTINA PAULY<br \/>\n<\/strong><strong>KULTUR PR<br \/>\n<\/strong>BISMARCKSTRASSE 7 \u00a0D-80803 M\u00dcNCHEN<br \/>\nTEL +49 89 337346 \u00a0MOBIL +49 173 9887957<br \/>\n<a href=\"mailto:KULTURPR@BETTINAPAULY.DE\">KULTURPR@BETTINAPAULY.DE<\/a>\n\t<p>PRESSEFOTOS IN HOHER AUFL\u00d6SUNG:<\/p>\n\t\t\t\t<img loading=\"lazy\" decoding=\"async\" src=\"http:\/\/resilienz80337-nelestroebel.de\/wp-content\/uploads\/2020\/07\/DSC06159-1-scaled.jpg\" alt=\"pressefoto ausstellung sybille rath und nele stroebel\" itemprop=\"image\" height=\"1920\" width=\"2560\" title=\"DSC06159\" onerror=\"this.style.display='none'\"  \/>\n\t\tpressefoto ausstellung sybille rath und nele stroebel\n\t\t\t\t<img loading=\"lazy\" decoding=\"async\" src=\"http:\/\/resilienz80337-nelestroebel.de\/wp-content\/uploads\/2020\/07\/DSC06184-scaled.jpg\" alt=\"pressefoto sybille rath\" itemprop=\"image\" height=\"1920\" width=\"2560\" title=\"pressefoto sybille rath\" onerror=\"this.style.display='none'\"  \/>\n\t\t\t\t<img loading=\"lazy\" decoding=\"async\" src=\"http:\/\/resilienz80337-nelestroebel.de\/wp-content\/uploads\/2020\/07\/DSC06166-1-scaled.jpg\" alt=\"pressefoto nele stroebel\" itemprop=\"image\" height=\"1920\" width=\"2560\" title=\"DSC06166\" onerror=\"this.style.display='none'\"  \/>\n\t\tpressefoto nele stroebel\n\t<p>\u201cVerdichtungen &#8230;\u201d erscheint bei dem Frauen-Magazin Brikada<\/p>\n<p>&nbsp;<\/p>\n<p>am 29.06.2020 bei<\/p>\n<a href=\"http:\/\/www.facebook.com\/brikada\">www.facebook.com\/brikada<\/a><br \/>\n<a href=\"http:\/\/www.instagram.com\/brikadamagazin\">www.instagram.com\/brikadamagazin<\/a>\n\t<table width=\"100%\">\n<tbody>\n<tr>\n<td>\n<table width=\"580\">\n<tbody>\n<tr>\n<td>\n<table width=\"100%\">\n<tbody>\n<tr>\n<td>\n<table width=\"580\">\n<tbody>\n<tr>\n<td>\n<table width=\"100%\">\n<tbody>\n<tr>\n<td>\n<table width=\"580\">\n<tbody>\n<tr>\n<td>\n<table width=\"100%\">\n<tbody>\n<tr>\n<td width=\"100%\">\n<table width=\"100%\">\n<tbody>\n<tr>\n<td>\n<table>\n<tbody>\n<tr>\n<td><\/td>\n<\/tr>\n<\/tbody>\n<\/table>\n<\/td>\n<\/tr>\n<\/tbody>\n<\/table>\n<\/td>\n<\/tr>\n<\/tbody>\n<\/table>\n<\/td>\n<\/tr>\n<\/tbody>\n<\/table>\n<\/td>\n<\/tr>\n<tr>\n<td>\n<table width=\"580\">\n<tbody>\n<tr>\n<td>\n<table width=\"100%\">\n<tbody>\n<tr>\n<td width=\"100%\">\n<table width=\"100%\">\n<tbody>\n<tr>\n<td>\n<table width=\"100%\">\n<tbody>\n<tr>\n<td>PRESSEINFORMATION I EINLADUNG<strong>VERDICHTUNGEN_EIN STADTGESPR\u00c4CH 2020<\/strong><strong><br \/>\nEin Ausstellungs- und Kommunikationsprojekt<br \/>\nvon Nele Str\u00f6bel<\/strong>\nZeit: 1. Juli bis 20. Juli 2020<br \/>\nOrt: Schlachthofgel\u00e4nde, M\u00fcnchen\nEin Kunstprojekt mit Ausstellung, Resilienztalk, Performance und der Prozession &#8222;Knochenarbeit&#8220;.<br \/>\nDie Idee: Der Umbau des st\u00e4dtischen Gel\u00e4ndes soll durch gro\u00dfe Atelierfl\u00e4chen,<br \/>\nvon K\u00fcnstler*innen gestaltete Gr\u00fcn- und Verweilfl\u00e4chen und Wohnateliers erhalten.\n<p>TERMINE<strong>:<\/strong><\/p>\n<p><strong>Mittwoch 1. Juli: Er\u00f6ffnung<\/strong> der Ausstellung online<\/p>\n<strong>Mittwoch 8. Juli: Stadtgespr\u00e4ch\/Fr\u00fchschoppen, <\/strong>13 &#8211; 15 Uhr<br \/>\nauf der Alten Utting im Decksalon (Lagerhausstra\u00dfe 15, 81371 M\u00fcnchen).\nJoana Ortmann vom BR hat die Veranstaltung als \u201eResillienz-Plenum\u201c getitelt.<br \/>\nThema: das zuk\u00fcnftige Kreativ-Viertel Schlachthof\/ Sendling<br \/>\nDiskutant*innen:<br \/>\nDaniel Hahn, Bahnw\u00e4rter Thiel\/AlteUtting<br \/>\nClara Holzheimer, LUISE<br \/>\nAndreas Kopp, Erfindergarden<br \/>\nDr. Christa M\u00fcller, Anstiftung<br \/>\nChristian St\u00fcckl, Volkstheaterdirektor<br \/>\nNele Str\u00f6bel, K\u00fcnstlerin<br \/>\nProf. Dr. Christiane Thalgott<br \/>\nMarie-Therese Schoess, Moderatorin BR<br \/>\nRoman Linke, BOA-Videokunst<br \/>\nAngefragt: Beate Bidjanbeg, BA2\nEine Talk mit allen Hygienevorschriften.<br \/>\nFalls zum Zeitpunkt mehr Leute im EG der Alten Utting sein d\u00fcrfen, gerne mehr Diskutanten.\n<strong>Sonntag 12. Juli, 15 &#8211; 18 Uhr: K\u00fcnstlerprozession <\/strong>mit Tombola (Hauptgewinn: ein Hydraulik-Kran)<br \/>\nDie Prozession l\u00e4uft unter dem Titel KNOCHENARBEIT, passend zum Ort.\nEs geht um die Sichtbarmachung der K\u00fcnstler*innenschaft im \u00f6ffentlichen Raum. Das Gel\u00e4nde ist Grundbesitz der Landeshauptstadt M\u00fcnchen. Die Aktion will erreichen, dass der geplante Bau und Umbau des Gel\u00e4ndes gro\u00dfe Atelierfl\u00e4chen, von K\u00fcnstler*innen gestaltete Gr\u00fcn- und Verweilfl\u00e4chen und Wohnateliers beinhaltet.<br \/>\nEs werden k\u00fcnstlerische Masken mit Wortsilben bedruckt, alle aktuellen Hygienevorschriften werden eingehalten. Jede(r) K\u00fcnstler*in f\u00e4hrt mit einem (Einkaufs)wagen\/ Fahrrad mit individuellem Kunstwerk vor.<br \/>\nProzession auf dem Gel\u00e4nde der Viehhof LKW Waschanlage, Eingang Tumblinger oder Zenettistrasse in 80337 M\u00fcnchen.\n<p>Mit freundlicher Unterst\u00fctzung von BBK M\u00fcnchen und Oberbayern und #EXIST<\/p>\n<strong>15. Juli, 10 &#8211; 16 Uhr: Gr\u00fcne Taschen<\/strong><br \/>\nGestaltetes Gr\u00fcn auf dem Gel\u00e4nde des Erfindergardens am Alten Viehof.<br \/>\nMobiles Urban-Gardening-Project mit der K\u00fcnstlerin Eva Raiser-Johanson und Sch\u00fcler*innen der MOS Fachrichtung \u201eGestaltung\u201c und \u201eABU\u201c (Agrarwirtschaft, Bio- und Umwelttechnologie\u201c) und Nele Str\u00f6bel. Das Projekt mit mobilen, selbst designten, gen\u00e4hten und mit Statements versehenen Pflanztaschen, die die Sch\u00fcler*innen \u00a0mit Setzlingen und Samen bepflanzen findet rund um den Erfindergarden statt. Verschiedene Aspekte der zuk\u00fcnftigen Stadt mit Hitzesommer werden thematisiert. Die Sch\u00fcl*innen dokumentieren, zeichnerisch, fotografisch oder filmend ihre Ideen und daraus entwickelten Formen. Der Kooperationspartner vor Ort ist Andreas Kopp von Erfindergarden. Er hat einen Waggon mit Waschbecken und Toilette, sodass die Sch\u00fcler*innen eine Hygienestation haben.\n<strong>Montag, 20. Juli, 20 Uhr: PENSEES URBAINES<\/strong><br \/>\nOrt: Bahnw\u00e4rter Thiel auf dem Viehhofgel\u00e4nde<br \/>\nNachdenken \u00fcber die Stadtentwicklung auf eine besondere Weise. \u00c4hnlich wie bei einer Veranstaltung im Februar in der Rathausgalerie, bringt Horst Konietzny Fachleute, die sich auf je eigene und besondere Weise mit der Planung von Stadt besch\u00e4ftigen mit au\u00dfergew\u00f6hnlichen Musikerpers\u00f6nlichkeiten zusammen, mit der M\u00fcnchner Cellistin Anja Lechner und dem schwedischen Bassiten Bj\u00f6rn Meyer. Es wird ein musikalisch eingebetteter Gedankenaustausch entstehen, der sich diesmal an den Themen des Schlachthofviertels entz\u00fcndet.<br \/>\nMitwirkende:<br \/>\nHajo Bahner, Architekt und Stadtplanungsvision\u00e4r.<br \/>\nThomas Lang, Schriftsteller aus M\u00fcnchen.<br \/>\nIsabel Strehle, Architektin und Regierungsbaumeisterin, Amt f\u00fcr Stadtentwicklung und Verkehrsanlagen Aachen.<br \/>\nNele \u00a0Str\u00f6bel, bildende K\u00fcnstlerin und Initiatorin des Kunstprojekts Verdichtungen_ein Stadtgespr\u00e4ch 2020.<br \/>\nProf. Sophie Wolfrum, Prof. f\u00fcr St\u00e4dtebau und Regionalplanung Fakult\u00e4t f\u00fcr Architektur der TU M\u00fcnchen (2003-2018)<br \/>\nAnja Lechner, Cello<br \/>\nBj\u00f6rn Meyer, E-Bass\n<p><strong>Alle weiteren Informationen, Termine und Orte auf:\u00a0<a href=\"http:\/\/resilienz80337-nelestroebel.de\">http:\/\/resilienz80337-nelestroebel.de<\/a><\/strong><\/p>\nIm Rahmen der Ausstellung VERDICHTUNGEN_EIN STADTGESPR\u00c4CH 2020 sind dar\u00fcber hinaus sch\u00f6pferische, investigative und performative Beitr\u00e4ge von bildenden K\u00fcnstler*innen aus Bayern zum \u201eStadt-Leben 2.0\u201c, zwischen Spekulation, Gentrifizierung und neuen Formen der Urbanit\u00e4t geplant.<br \/>\nDie Ausstellung wird aufgebaut, abgefilmt mit Moderation und fotografiert.\n<p>Alle Beteiligten tragen Masken, Desinfektionsmittel ist vorhanden und der Mindestabstand von 1,50 m wird gewahrt, die Hygienevorschriften werden gewahrt.<\/p>\nGef\u00f6rdert durch das Bayerische Staatsministerium f\u00fcr Wissenschaft und Kunst<\/td>\n<\/tr>\n<\/tbody>\n<\/table>\n<\/td>\n<\/tr>\n<tr>\n<td>\n<table>\n<tbody>\n<tr>\n<td><\/td>\n<\/tr>\n<\/tbody>\n<\/table>\n<\/td>\n<\/tr>\n<\/tbody>\n<\/table>\n<\/td>\n<\/tr>\n<\/tbody>\n<\/table>\n<\/td>\n<\/tr>\n<\/tbody>\n<\/table>\n<\/td>\n<\/tr>\n<tr>\n<td>\n<table width=\"580\">\n<tbody>\n<tr>\n<td>\n<table width=\"100%\">\n<tbody>\n<tr>\n<td width=\"100%\">\n<table width=\"100%\">\n<tbody>\n<tr>\n<td>\n<table width=\"100%\">\n<tbody>\n<tr>\n<td>Abb: Nele Str\u00f6bel\nWir w\u00fcrden uns sehr freuen, wenn Sie \u00fcber das Projekt berichten und stehen f\u00fcr Fragen und<br \/>\nIntervieww\u00fcnsche gerne zur Verf\u00fcgung.\n<p>Bis bald im Schlachthofviertel!<\/p>\n<p>Herziche Gr\u00fc\u00dfe,<\/p>\n<p>Bettina Pauly<\/p>\n<strong>Pressekontakt<\/strong><br \/>\nBettina Pauly Kultur PR<br \/>\nBismarckstr. 7<br \/>\n80803 M\u00fcnchen<br \/>\n+49 (0)173-9887957<br \/>\n<a href=\"mailto:kulturpr@bettinapauly.de\">kulturpr@bettinapauly.de<\/a>\n<strong>Kontakt Nele Str\u00f6bel:<\/strong><br \/>\nNele Str\u00f6bel<br \/>\nHofmannstrasse 5<br \/>\n81379 M\u00fcnchen<br \/>\n+49 (0)172-8535846<br \/>\n<a href=\"mailto:nele@nele-stroebel.de\">nele@nele-stroebel.de<\/a><br \/>\n<a href=\"http:\/\/www.nele-stroebel.de\">www.nele-stroebel.de<\/a><\/td>\n<\/tr>\n<\/tbody>\n<\/table>\n<\/td>\n<\/tr>\n<\/tbody>\n<\/table>\n<\/td>\n<\/tr>\n<\/tbody>\n<\/table>\n<\/td>\n<\/tr>\n<\/tbody>\n<\/table>\n<\/td>\n<\/tr>\n<\/tbody>\n<\/table>\n<\/td>\n<\/tr>\n<\/tbody>\n<\/table>\n<\/td>\n<\/tr>\n<\/tbody>\n<\/table>\n<\/td>\n<\/tr>\n<\/tbody>\n<\/table>\n<\/td>\n<\/tr>\n<tr>\n<td>\n<table width=\"580\">\n<tbody>\n<tr>\n<td>\n<table width=\"580\">\n<tbody>\n<tr>\n<td>\n<table width=\"100%\">\n<tbody>\n<tr>\n<td width=\"100%\">\n<table width=\"100%\">\n<tbody>\n<tr>\n<td>\n<table width=\"100%\">\n<tbody>\n<tr>\n<td><a href=\"https:\/\/t4644ef0e.emailsys1a.net\/unsubscribe\/testmailing.html\">Abmeldelink | unsubscribe | Lien de d\u00e9sinscription | Anular suscripc\u00edon | Link di cancellazione<\/a><\/td>\n<\/tr>\n<\/tbody>\n<\/table>\n<\/td>\n<\/tr>\n<\/tbody>\n<\/table>\n<\/td>\n<\/tr>\n<\/tbody>\n<\/table>\n<\/td>\n<\/tr>\n<\/tbody>\n<\/table>\n<\/td>\n<\/tr>\n<\/tbody>\n<\/table>\n<\/td>\n<\/tr>\n<\/tbody>\n<\/table>\n","protected":false},"excerpt":{"rendered":"<p>BETTINA PAULY KULTUR PR BISMARCKSTRASSE 7 \u00a0D-80803 M\u00dcNCHEN TEL +49 89 337346 \u00a0MOBIL +49 173 9887957 KULTURPR@BETTINAPAULY.DE PRESSEFOTOS IN HOHER AUFL\u00d6SUNG: pressefoto ausstellung sybille rath und nele stroebel pressefoto nele stroebel \u201cVerdichtungen &#8230;\u201d erscheint bei dem Frauen-Magazin Brikada &nbsp; am 29.06.2020 bei www.facebook.com\/brikada www.instagram.com\/brikadamagazin PRESSEINFORMATION I EINLADUNGVERDICHTUNGEN_EIN STADTGESPR\u00c4CH 2020 Ein Ausstellungs- und Kommunikationsprojekt von Nele&hellip;<\/p>\n<p><a class=\"more-link\" href=\"http:\/\/resilienz80337-nelestroebel.de\/?page_id=444\" title=\"Lesen Sie weiter &lsquo;Presse&rsquo;\">Weiterlesen <span class=\"meta-nav\">&rarr;<\/span><\/a><\/p>\n","protected":false},"author":1,"featured_media":0,"parent":0,"menu_order":0,"comment_status":"closed","ping_status":"closed","template":"","meta":{"footnotes":""},"_links":{"self":[{"href":"http:\/\/resilienz80337-nelestroebel.de\/index.php?rest_route=\/wp\/v2\/pages\/444"}],"collection":[{"href":"http:\/\/resilienz80337-nelestroebel.de\/index.php?rest_route=\/wp\/v2\/pages"}],"about":[{"href":"http:\/\/resilienz80337-nelestroebel.de\/index.php?rest_route=\/wp\/v2\/types\/page"}],"author":[{"embeddable":true,"href":"http:\/\/resilienz80337-nelestroebel.de\/index.php?rest_route=\/wp\/v2\/users\/1"}],"replies":[{"embeddable":true,"href":"http:\/\/resilienz80337-nelestroebel.de\/index.php?rest_route=%2Fwp%2Fv2%2Fcomments&post=444"}],"version-history":[{"count":8,"href":"http:\/\/resilienz80337-nelestroebel.de\/index.php?rest_route=\/wp\/v2\/pages\/444\/revisions"}],"predecessor-version":[{"id":552,"href":"http:\/\/resilienz80337-nelestroebel.de\/index.php?rest_route=\/wp\/v2\/pages\/444\/revisions\/552"}],"wp:attachment":[{"href":"http:\/\/resilienz80337-nelestroebel.de\/index.php?rest_route=%2Fwp%2Fv2%2Fmedia&parent=444"}],"curies":[{"name":"wp","href":"https:\/\/api.w.org\/{rel}","templated":true}]}}